{"id":17,"date":"2018-01-05T15:41:48","date_gmt":"2018-01-05T15:41:48","guid":{"rendered":"http:\/\/lu-sezana.si\/kosovelova-soba\/?page_id=17"},"modified":"2023-02-02T19:52:53","modified_gmt":"2023-02-02T19:52:53","slug":"druzina-kosovel","status":"publish","type":"page","link":"https:\/\/lu-sezana.si\/kosovelova-soba\/druzina-kosovel\/","title":{"rendered":"Dru\u017eina Kosovel"},"content":{"rendered":"<p>[et_pb_section fb_built=&#8221;1&#8243; admin_label=&#8221;Header&#8221; _builder_version=&#8221;4.16&#8243; _module_preset=&#8221;default&#8221; custom_padding=&#8221;0px||0px||true|false&#8221; global_colors_info=&#8221;{}&#8221;][et_pb_row column_structure=&#8221;3_5,2_5&#8243; _builder_version=&#8221;4.16&#8243; _module_preset=&#8221;default&#8221; custom_padding=&#8221;0px||0px||true|false&#8221; global_colors_info=&#8221;{}&#8221;][et_pb_column type=&#8221;3_5&#8243; _builder_version=&#8221;4.16&#8243; _module_preset=&#8221;default&#8221; custom_padding=&#8221;150px||||false|false&#8221; custom_padding_tablet=&#8221;30px||||false|false&#8221; custom_padding_phone=&#8221;20px||||false|false&#8221; custom_padding_last_edited=&#8221;on|phone&#8221; global_colors_info=&#8221;{}&#8221;][et_pb_text _builder_version=&#8221;4.16&#8243; _module_preset=&#8221;default&#8221; text_font_size=&#8221;16px&#8221; header_font=&#8221;Roboto|500|||||||&#8221; header_text_color=&#8221;#000000&#8243; header_font_size=&#8221;72px&#8221; header_line_height=&#8221;1.15em&#8221; header_font_size_tablet=&#8221;40px&#8221; header_font_size_phone=&#8221;24px&#8221; header_font_size_last_edited=&#8221;on|desktop&#8221; locked=&#8221;off&#8221; global_colors_info=&#8221;{}&#8221;]<\/p>\n<h1>Dru\u017eina Kosovel<\/h1>\n<p>[\/et_pb_text][\/et_pb_column][et_pb_column type=&#8221;2_5&#8243; _builder_version=&#8221;4.16&#8243; _module_preset=&#8221;default&#8221; global_colors_info=&#8221;{}&#8221;][\/et_pb_column][\/et_pb_row][et_pb_row custom_padding_last_edited=&#8221;on|phone&#8221; disabled_on=&#8221;off|off|off&#8221; _builder_version=&#8221;4.16&#8243; _module_preset=&#8221;default&#8221; background_color=&#8221;#FFFFFF&#8221; background_image=&#8221;http:\/\/lu-sezana.si\/kosovelova-soba\/wp-content\/uploads\/2022\/12\/srecko_zelena.fw_.png&#8221; background_size=&#8221;initial&#8221; background_position=&#8221;top_left&#8221; background_repeat=&#8221;repeat-x&#8221; z_index=&#8221;500&#8243; custom_margin=&#8221;||||false|false&#8221; custom_margin_tablet=&#8221;0px||||false|false&#8221; custom_margin_last_edited=&#8221;off|desktop&#8221; custom_padding=&#8221;40px|40px|40px|40px|true|true&#8221; custom_padding_tablet=&#8221;30px|30px|30px|30px|true|true&#8221; custom_padding_phone=&#8221;20px|20px|20px|20px|true|true&#8221; box_shadow_style=&#8221;preset3&#8243; box_shadow_vertical=&#8221;60px&#8221; box_shadow_blur=&#8221;60px&#8221; box_shadow_spread=&#8221;0px&#8221; box_shadow_color=&#8221;rgba(14,15,43,0.1)&#8221; global_colors_info=&#8221;{}&#8221;][et_pb_column type=&#8221;4_4&#8243; _builder_version=&#8221;4.16&#8243; _module_preset=&#8221;default&#8221; global_colors_info=&#8221;{}&#8221;][et_pb_text _builder_version=&#8221;4.16&#8243; _module_preset=&#8221;default&#8221; text_line_height=&#8221;1.8em&#8221; header_font_size_tablet=&#8221;55px&#8221; header_font_size_last_edited=&#8221;off|desktop&#8221; locked=&#8221;off&#8221; global_colors_info=&#8221;{}&#8221;]<\/p>\n<p style=\"text-align: justify;\"><strong>Vsi Kosovelovi so bili za Primorce in Kra\u0161evce zelo pomembna dru\u017eina.<\/strong><\/p>\n<p style=\"text-align: justify;\"><strong>Anton Kosovel<\/strong><span>, ki je bil sicer doma iz \u010crni\u010d na Vipavskem je nastopil slu\u017ebo u\u010ditelja in nadu\u010ditelja v Se\u017eani po zgraditvi poslopja osnovne \u0161ole leta 1892. V letu 1893 pa je pouk \u017ee stekel. Anton Kosovel je bil vsestranski kulturni delavec. Bil je velik ljubitelj petja, sam je pel prvi tenor, igral je na \u0161tevilne in\u0161trumente, bil je orglar v se\u017eanski cerkvi, vodil je menda pet pevskih zborov, dirigiral je, komponiral, ustanavlja \u0161tevilna dru\u0161tva, kjer je bil predsednik ali tajnik in se potegoval za dosledno rabe slovenskega jezika v javnosti.<\/span><\/p>\n<p style=\"text-align: justify;\"><span>Poro\u010dil se je 1894 s\u00a0<\/span><strong>Katarino Stres<\/strong><span>, doma iz Su\u017eida pri Kobaridu. Ta je bila spremljevalka baronice Scaramanga, bogata\u0161inje iz Trsta, ki je v Se\u017eano prihajala na oddih v vilo z znanim botani\u010dnim parkom. Katarina je bila zelo razgledana in je bila prava \u017eivljenjska sopotnica vedremu nadu\u010ditelju Antonu Kosovelu, ki ga celo kazenska premestitev zaradi hujska\u0161tva proti Avstriji (boril se je za ve\u010djo avtonomijo Slovencev v okviru Avstroogrske monarhije) v Pliskovico ni zlomila, saj je toliko \u010dasa iskal bolj\u0161e delovno mesto, da ga je po dveh letih tudi na\u0161el v \u0161oli v Tomaju, kjer so potem ostali.<\/span><br \/><span>V zakonu se jima je v Se\u017eani rodilo pet otrok: Stano, Antonija \u2013 Ton\u010dka ali Toni, Karmela, Anica in Sre\u010dko.<\/span><\/p>\n<p style=\"text-align: justify;\"><strong>Stano Kosovel<\/strong><span>\u00a0(26.09.1895 \u2013 12.02.1976) je kot najstarej\u0161i otrok bil vedno zelo resen fant, ki je zgodaj okusil trpljenje in se je predal novinarskemu delu. Tudi sam se je, poleg pisanja \u010dlankov, ukvarjal z literaturo, pisal pesmi in nekako bdel nad pesnikovanjem mlaj\u0161ega brata Sre\u010dka. V zapu\u0161\u010dini so se ohranile \u0161tiri rokopisne pesni\u0161ke zbirke, vendar je iz njih vzklila le pesni\u0161ka zbirka \u00bbZrcala\u00ab, ki jo je pripravil Jo\u017ea Mahni\u010d in je iz\u0161la v Kopru 1982).<\/span><br \/><strong>Ton\u010dka Kosovel<\/strong><span>, poro\u010dena Ravbar (26.07.1897 \u2013 07.01.1989) je, \u010deprav je imela trgovsko izobrazbo, je bila zelo kulturno razgledana, ostala pa je doma, saj je bila tista, ki je skrbela za dru\u017eino. Od vseh otrok je najbolj cenila Sre\u010dkovo pesni\u0161ko ustvarjanje in ga zagovarjala. V leta 1925 zgrajeni hi\u0161i v Tomaju je do svoje smrti sprejemala \u0161tevilne goste in skupine otrok, dijakov, \u0161tudentov in odraslih, ki so hoteli kaj ve\u010d vedeti o Sre\u010dku in njegovem delu. Znala je vzpostaviti pristen stik z vsakim. Je tudi najbolj podprla idejo o ureditvi spominske sobe v Se\u017eani.<\/span><\/p>\n<p style=\"text-align: justify;\"><span>Tretji otrok je bila\u00a0<\/span><strong>Karmela Kosovel<\/strong><span>\u00a0poro\u010dena Graber (26.09.1898 \u2013 09.0 3.1990). Karmela je \u0161tudirala glasbo v Ljubljani, v Trstu in v Muenchnu. Postala je pianistka in u\u010diteljica glasbe. Kot pianistka je nastopala doma in v tujini. Po poroki z avstrijskim akademskim slikarjem Alfonzom Graberjem je vseskozi \u017eivela v Avstriji. Tam je tudi pokopana.<\/span><\/p>\n<p style=\"text-align: justify;\"><strong>Anica Kosovel<\/strong><span>\u00a0(08.07.1901 \u2013 21.05.1983) je postala profesorica slovenskega jezika. \u017divela in pou\u010devala je v Ljubljani.<\/span><\/p>\n<p style=\"text-align: justify;\"><span>Peti otrok je bil\u00a0<\/span><strong>Sre\u010dko Kosovel<\/strong><span>. Rodil se je 18.marca 1904 zve\u010der ob 22.30. Takrat so Kosovelovi dosegli vrhunec blagostanja in sre\u010de. \u017diveli so v velikem stanovanju \u0161ole, ki je bila v takratnem \u010dasu zelo moderna, velika. Bili so dobro stoje\u010di, saj jim ni manjkalo ni\u010d. Dve leti po Sre\u010dkovem rojstvu pa so o\u010deta Antona premestili v Pliskovico. Tam je mali Sre\u010dko za\u010del spoznavati Kras, zlasti pa revno \u017eivljenje Kra\u0161evcev. Po pripovedovanju starej\u0161ega brata in sester je lahko razbral, kako lepo so \u017eiveli prej. Obdobje Pliskovice je trajalo le dve leti, nakar so se preselili v malo poslopje \u0161ole v Tomaju, kjer je bil poslej o\u010de Anton zaposlen. Sre\u010dka so zgodaj poslali \u00bb\u0161tudirat\u00ab v Ljubljano. Skupaj s sestro Anico sta najprej pri\u0161la do Se\u017eane in potem z vlakom odpotovala v Ljubljano. Pot ju je vodila skozi Kri\u017e in \u0160marje, skozi borovo morje in skozi gmajno. Sre\u010dko je to pot najve\u010dkrat prepe\u0161a\u010dil kar sam. Te\u017eke \u017eivljenjske razmere na Krasu, kmalu \u0161e dolga doba prve svetovne vojne z lakoto, strahom in tiso\u010di umrlih vojakov, vse to je v ob\u010dutljivem mladeni\u010du pustilo globoko sled. Njegova pesni\u0161ka du\u0161a je v svoji plemenitosti izra\u017eala resni\u010dno bole\u010dino in izjemno ljubezen tako do ljudi kot do doma\u010de pokrajine in ne na koncu do celega sveta. Zgodnje sre\u010danje s smrtjo je vplivalo tudi na njegov odnos do nje. Slutnja smrti se pojavlja velikokrat in daje vtis, da je Sre\u010dko Kosovel oto\u017eni nebogljeni fanti\u010dek. Sre\u010dko pa je bil, po pripovedovanju sodobnikov, ve\u010dni optimist, \u010dlovek z izjemnim iskrivim duhom, ki je znal zabavati dru\u017ebo in jo dr\u017eati \u00bbpokonci\u00ab. Naravni optimizem, ki je pre\u017eemal mlado du\u0161o, je bil samo izredna mo\u010d, da je zmogel in znal prebroditi te\u017eave. Konec prve svetovne vojne pa ni prinesel Primorcem odre\u0161itve. Pahnil jih je v italijansko okupacijo, ki je vse bolj kruto zatirala vse, kar je bilo slovenskega. O\u010deta so upokojili, pokojnine mu niso dali in ga dobesedno vrgli iz stanovanja v tomajski \u0161oli. Takrat se je odlo\u010dil, da si s pomo\u010djo va\u0161\u010danov zgradi hi\u0161o. Ta je bila zgrajena 1925. V tistih letih je Sre\u010dko intenzivno ustvarjal z nepopisno mo\u010djo. Kot obseden se je lotil pisanja. Delal je dneve in no\u010di. \u0160tudiral in pisal. Marsikatera pesem je na\u0161la papir in tam ostala. Kdo ve, koliko pesmi se je izgubilo pri bratu, ki ga ni razumel in sestrah. Kdo ve, koliko \u010dudovitih misli, zamisli in pesmi je za vedno ostalo v Sre\u010dku samem.<\/span><\/p>\n<p style=\"text-align: justify;\"><span>Leta 1925 je na\u010drtoval izdajo svoje prve pesni\u0161ke zbirke \u00bbZlati \u010doln\u00ab, pa je ni uspel izdati. Tega leta je zbolel in naslednje leto 27.maja 1926 v novi hi\u0161i umrl.<\/span><br \/><span>Izpred poslopja stare osnovne \u0161ole v Se\u017eani, kjer je tudi Kosovelova spominska soba, se za\u010denja Kosovelova pot od Se\u017eane do Tomaja. Ve\u010d o \u017eivljenju, delu in komentarjih o Sre\u010dku Kosovelu glej na spletnih straneh pod geslom Sre\u010dko Kosovel.<\/span><\/p>\n<p>[\/et_pb_text][\/et_pb_column][\/et_pb_row][\/et_pb_section][et_pb_section fb_built=&#8221;1&#8243; admin_label=&#8221;Footer&#8221; _builder_version=&#8221;4.16&#8243; _module_preset=&#8221;default&#8221; background_color=&#8221;#000000&#8243; custom_margin=&#8221;||||false|false&#8221; saved_tabs=&#8221;all&#8221; global_colors_info=&#8221;{}&#8221;][et_pb_row column_structure=&#8221;1_4,1_4,1_4,1_4&#8243; use_custom_gutter=&#8221;on&#8221; gutter_width=&#8221;1&#8243; make_equal=&#8221;on&#8221; _builder_version=&#8221;4.19.4&#8243; _module_preset=&#8221;default&#8221; max_width=&#8221;1440px&#8221; custom_margin=&#8221;-35px|auto||auto|false|false&#8221; custom_padding=&#8221;1px||||false|false&#8221; global_colors_info=&#8221;{}&#8221;][et_pb_column type=&#8221;1_4&#8243; _builder_version=&#8221;4.19.4&#8243; _module_preset=&#8221;default&#8221; background_color=&#8221;#8e0b0b&#8221; background_image=&#8221;http:\/\/lu-sezana.si\/kosovelova-soba\/wp-content\/uploads\/2022\/12\/high-school_17.png&#8221; background_size=&#8221;initial&#8221; background_position=&#8221;top_right&#8221; background_repeat=&#8221;repeat-y&#8221; custom_padding=&#8221;40px|40px|40px|20px|true|false&#8221; custom_padding_tablet=&#8221;40px||40px||true|false&#8221; custom_padding_phone=&#8221;30px|20px|30px|20px|true|true&#8221; custom_padding_last_edited=&#8221;off|desktop&#8221; global_colors_info=&#8221;{}&#8221;][et_pb_text _builder_version=&#8221;4.16&#8243; _module_preset=&#8221;default&#8221; header_4_font=&#8221;Roboto|700||on|||||&#8221; header_4_text_color=&#8221;rgba(255,255,255,0.5)&#8221; header_4_font_size=&#8221;12px&#8221; header_4_letter_spacing=&#8221;3px&#8221; header_4_line_height=&#8221;1.5em&#8221; custom_margin=&#8221;||0px||false|false&#8221; custom_margin_tablet=&#8221;30px||||false|false&#8221; custom_margin_phone=&#8221;20px||||false|false&#8221; custom_margin_last_edited=&#8221;off|desktop&#8221; locked=&#8221;off&#8221; global_colors_info=&#8221;{}&#8221;]<\/p>\n<h4>uradne ure<\/h4>\n<p>[\/et_pb_text][et_pb_text _builder_version=&#8221;4.16&#8243; _module_preset=&#8221;default&#8221; text_font=&#8221;Roboto|500|||||||&#8221; text_text_color=&#8221;#FFFFFF&#8221; text_font_size=&#8221;16px&#8221; text_line_height=&#8221;1.6em&#8221; header_5_text_color=&#8221;#FFFFFF&#8221; header_5_line_height=&#8221;1.8em&#8221; text_font_size_tablet=&#8221;15px&#8221; text_font_size_phone=&#8221;14px&#8221; text_font_size_last_edited=&#8221;on|desktop&#8221; header_font_size_tablet=&#8221;55px&#8221; header_font_size_last_edited=&#8221;off|desktop&#8221; locked=&#8221;off&#8221; global_colors_info=&#8221;{}&#8221;]<\/p>\n<p>PON. &#8211; PET.: 8.00 &#8211; 12.00 in 13.00 &#8211; 16.00<\/p>\n<p>[\/et_pb_text][\/et_pb_column][et_pb_column type=&#8221;1_4&#8243; _builder_version=&#8221;4.19.4&#8243; _module_preset=&#8221;default&#8221; background_color=&#8221;#e8a200&#8243; background_image=&#8221;http:\/\/lu-sezana.si\/kosovelova-soba\/wp-content\/uploads\/2022\/12\/high-school_17.png&#8221; background_size=&#8221;initial&#8221; background_position=&#8221;top_right&#8221; background_repeat=&#8221;repeat-y&#8221; custom_padding=&#8221;40px|40px|40px|20px|true|false&#8221; global_colors_info=&#8221;{}&#8221;][et_pb_text _builder_version=&#8221;4.16&#8243; _module_preset=&#8221;default&#8221; header_4_font=&#8221;Roboto|700||on|||||&#8221; header_4_text_color=&#8221;rgba(255,255,255,0.5)&#8221; header_4_font_size=&#8221;12px&#8221; header_4_letter_spacing=&#8221;3px&#8221; header_4_line_height=&#8221;1.5em&#8221; custom_margin=&#8221;||0px||false|false&#8221; locked=&#8221;off&#8221; global_colors_info=&#8221;{}&#8221;]<\/p>\n<h4>NASLOV<\/h4>\n<p>[\/et_pb_text][et_pb_text _builder_version=&#8221;4.16&#8243; _module_preset=&#8221;default&#8221; text_font=&#8221;Roboto|500|||||||&#8221; text_text_color=&#8221;#FFFFFF&#8221; text_font_size=&#8221;16px&#8221; text_line_height=&#8221;1.6em&#8221; header_5_text_color=&#8221;#FFFFFF&#8221; header_5_line_height=&#8221;1.8em&#8221; text_font_size_tablet=&#8221;15px&#8221; text_font_size_phone=&#8221;14px&#8221; text_font_size_last_edited=&#8221;on|desktop&#8221; header_font_size_tablet=&#8221;55px&#8221; header_font_size_last_edited=&#8221;off|desktop&#8221; locked=&#8221;off&#8221; global_colors_info=&#8221;{}&#8221;]Bazovi\u0161ka cesta 9, 6210 Se\u017eana[\/et_pb_text][\/et_pb_column][et_pb_column type=&#8221;1_4&#8243; _builder_version=&#8221;4.19.4&#8243; _module_preset=&#8221;default&#8221; background_color=&#8221;#0918a0&#8243; background_image=&#8221;http:\/\/lu-sezana.si\/kosovelova-soba\/wp-content\/uploads\/2022\/12\/high-school_17.png&#8221; background_size=&#8221;initial&#8221; background_position=&#8221;top_right&#8221; background_repeat=&#8221;repeat-y&#8221; custom_padding=&#8221;40px|40px|40px|20px|true|false&#8221; global_colors_info=&#8221;{}&#8221;][et_pb_text _builder_version=&#8221;4.16&#8243; _module_preset=&#8221;default&#8221; header_4_font=&#8221;Roboto|700||on|||||&#8221; header_4_text_color=&#8221;rgba(255,255,255,0.5)&#8221; header_4_font_size=&#8221;12px&#8221; header_4_letter_spacing=&#8221;3px&#8221; header_4_line_height=&#8221;1.5em&#8221; custom_margin=&#8221;||0px||false|false&#8221; locked=&#8221;off&#8221; global_colors_info=&#8221;{}&#8221;]<\/p>\n<h4>Email<\/h4>\n<p>[\/et_pb_text][et_pb_text _builder_version=&#8221;4.16&#8243; _module_preset=&#8221;default&#8221; text_font=&#8221;Roboto|500|||||||&#8221; text_text_color=&#8221;#FFFFFF&#8221; text_font_size=&#8221;16px&#8221; text_line_height=&#8221;1.6em&#8221; link_text_color=&#8221;#FFFFFF&#8221; header_5_text_color=&#8221;#FFFFFF&#8221; header_5_line_height=&#8221;1.8em&#8221; text_font_size_tablet=&#8221;15px&#8221; text_font_size_phone=&#8221;14px&#8221; text_font_size_last_edited=&#8221;on|desktop&#8221; header_font_size_tablet=&#8221;55px&#8221; header_font_size_last_edited=&#8221;off|desktop&#8221; locked=&#8221;off&#8221; global_colors_info=&#8221;{}&#8221;]<\/p>\n<p>mateja.kralj@lu-sezana.si<\/p>\n<p>[\/et_pb_text][\/et_pb_column][et_pb_column type=&#8221;1_4&#8243; _builder_version=&#8221;4.16&#8243; _module_preset=&#8221;default&#8221; background_color=&#8221;#898989&#8243; background_image=&#8221;http:\/\/lu-sezana.si\/kosovelova-soba\/wp-content\/uploads\/2022\/12\/high-school_17.png&#8221; background_size=&#8221;initial&#8221; background_position=&#8221;top_right&#8221; background_repeat=&#8221;repeat-y&#8221; custom_padding=&#8221;40px|40px|40px|20px|true|false&#8221; global_colors_info=&#8221;{}&#8221;][et_pb_text _builder_version=&#8221;4.16&#8243; _module_preset=&#8221;default&#8221; header_4_font=&#8221;Roboto|700||on|||||&#8221; header_4_text_color=&#8221;rgba(255,255,255,0.5)&#8221; header_4_font_size=&#8221;12px&#8221; header_4_letter_spacing=&#8221;3px&#8221; header_4_line_height=&#8221;1.5em&#8221; custom_margin=&#8221;||0px||false|false&#8221; custom_margin_last_edited=&#8221;off|desktop&#8221; locked=&#8221;off&#8221; global_colors_info=&#8221;{}&#8221;]<\/p>\n<h4>telefon<\/h4>\n<p>[\/et_pb_text][et_pb_text _builder_version=&#8221;4.16&#8243; _module_preset=&#8221;default&#8221; text_font=&#8221;Roboto|500|||||||&#8221; text_text_color=&#8221;#FFFFFF&#8221; text_font_size=&#8221;16px&#8221; text_line_height=&#8221;1.6em&#8221; link_text_color=&#8221;#FFFFFF&#8221; header_5_text_color=&#8221;#FFFFFF&#8221; header_5_line_height=&#8221;1.8em&#8221; text_font_size_tablet=&#8221;15px&#8221; text_font_size_phone=&#8221;14px&#8221; text_font_size_last_edited=&#8221;on|desktop&#8221; header_font_size_tablet=&#8221;55px&#8221; header_font_size_last_edited=&#8221;off|desktop&#8221; locked=&#8221;off&#8221; global_colors_info=&#8221;{}&#8221;]<\/p>\n<p>05 73 11 301 ali\u00a0 051 364 668<\/p>\n<p>[\/et_pb_text][\/et_pb_column][\/et_pb_row][et_pb_row column_structure=&#8221;1_4,1_4,1_4,1_4&#8243; _builder_version=&#8221;4.16&#8243; _module_preset=&#8221;default&#8221; global_colors_info=&#8221;{}&#8221; theme_builder_area=&#8221;post_content&#8221;][et_pb_column type=&#8221;1_4&#8243; _builder_version=&#8221;4.16&#8243; _module_preset=&#8221;default&#8221; global_colors_info=&#8221;{}&#8221; theme_builder_area=&#8221;post_content&#8221;][et_pb_image src=&#8221;http:\/\/lu-sezana.si\/kosovelova-soba\/wp-content\/uploads\/2022\/12\/logo-bel.png&#8221; title_text=&#8221;logo-bel&#8221; _builder_version=&#8221;4.16&#8243; _module_preset=&#8221;default&#8221; global_colors_info=&#8221;{}&#8221; theme_builder_area=&#8221;post_content&#8221;][\/et_pb_image][\/et_pb_column][et_pb_column type=&#8221;1_4&#8243; _builder_version=&#8221;4.16&#8243; _module_preset=&#8221;default&#8221; global_colors_info=&#8221;{}&#8221; theme_builder_area=&#8221;post_content&#8221;][et_pb_text _builder_version=&#8221;4.16&#8243; _module_preset=&#8221;5c989a74-8649-4b9a-a4a2-6d2b8ae2551c&#8221; header_4_font=&#8221;Roboto|700||on|||||&#8221; header_4_text_color=&#8221;#FFFFFF&#8221; header_4_font_size=&#8221;12px&#8221; header_4_letter_spacing=&#8221;3px&#8221; header_4_line_height=&#8221;1.5em&#8221; header_5_text_color=&#8221;#FFFFFF&#8221; custom_margin=&#8221;||0px||false|false&#8221; locked=&#8221;off&#8221; global_colors_info=&#8221;{}&#8221; theme_builder_area=&#8221;post_content&#8221;]<\/p>\n<h4>LJUDSKA UNIVERZA SE\u017dANA<\/h4>\n<p>[\/et_pb_text][et_pb_text _builder_version=&#8221;4.18.0&#8243; _module_preset=&#8221;7262e956-c376-4aa6-9642-c413f71527d0&#8243; text_line_height=&#8221;1.8em&#8221; link_text_color=&#8221;#FFFFFF&#8221; link_line_height=&#8221;1.2em&#8221; header_font_size_tablet=&#8221;55px&#8221; header_font_size_last_edited=&#8221;off|desktop&#8221; locked=&#8221;off&#8221; global_colors_info=&#8221;{}&#8221; theme_builder_area=&#8221;post_content&#8221;]<\/p>\n<p><a href=\"https:\/\/lu-sezana.si\/\">Kdo smo<\/a><br \/><a href=\"https:\/\/lu-sezana.si\/pridobitev-izobrazbe-stran\/\">Na\u0161a izobra\u017eevanja<\/a><br \/><a href=\"https:\/\/lu-sezana.si\/o-nas\/\">O nas<\/a><\/p>\n<p>[\/et_pb_text][\/et_pb_column][et_pb_column type=&#8221;1_4&#8243; _builder_version=&#8221;4.16&#8243; _module_preset=&#8221;default&#8221; global_colors_info=&#8221;{}&#8221; theme_builder_area=&#8221;post_content&#8221;][et_pb_text _builder_version=&#8221;4.16&#8243; _module_preset=&#8221;5c989a74-8649-4b9a-a4a2-6d2b8ae2551c&#8221; header_4_font=&#8221;Roboto|700||on|||||&#8221; header_4_text_color=&#8221;#FFFFFF&#8221; header_4_font_size=&#8221;12px&#8221; header_4_letter_spacing=&#8221;3px&#8221; header_4_line_height=&#8221;1.5em&#8221; header_5_text_color=&#8221;#FFFFFF&#8221; custom_margin=&#8221;||0px||false|false&#8221; locked=&#8221;off&#8221; global_colors_info=&#8221;{}&#8221; theme_builder_area=&#8221;post_content&#8221;]<\/p>\n<h4>ve\u010d o nas<\/h4>\n<p>[\/et_pb_text][et_pb_text _builder_version=&#8221;4.18.0&#8243; _module_preset=&#8221;7262e956-c376-4aa6-9642-c413f71527d0&#8243; text_line_height=&#8221;1.8em&#8221; link_text_color=&#8221;#FFFFFF&#8221; link_line_height=&#8221;1.2em&#8221; header_font_size_tablet=&#8221;55px&#8221; header_font_size_last_edited=&#8221;off|desktop&#8221; locked=&#8221;off&#8221; global_colors_info=&#8221;{}&#8221; theme_builder_area=&#8221;post_content&#8221;]<\/p>\n<p><a href=\"https:\/\/lu-sezana.si\/zaposleni\/\">Kolektiv Ljudske univerze Se\u017eana<\/a><br \/><a href=\"https:\/\/lu-sezana.si\/kosovelova-soba\/\">Kosovelova soba<\/a><br \/><a href=\"https:\/\/lu-sezana.si\/oddaja-prostorov\/\">Oddaja prostorov<\/a><\/p>\n<p>[\/et_pb_text][\/et_pb_column][et_pb_column type=&#8221;1_4&#8243; _builder_version=&#8221;4.16&#8243; _module_preset=&#8221;default&#8221; global_colors_info=&#8221;{}&#8221; theme_builder_area=&#8221;post_content&#8221;][et_pb_text _builder_version=&#8221;4.16&#8243; _module_preset=&#8221;5c989a74-8649-4b9a-a4a2-6d2b8ae2551c&#8221; header_4_font=&#8221;Roboto|700||on|||||&#8221; header_4_text_color=&#8221;#FFFFFF&#8221; header_4_font_size=&#8221;12px&#8221; header_4_letter_spacing=&#8221;3px&#8221; header_4_line_height=&#8221;1.5em&#8221; header_5_text_color=&#8221;#FFFFFF&#8221; custom_margin=&#8221;||0px||false|false&#8221; locked=&#8221;off&#8221; global_colors_info=&#8221;{}&#8221; theme_builder_area=&#8221;post_content&#8221;]<\/p>\n<h4>prijava na novi\u010dke<\/h4>\n<p>[\/et_pb_text][et_pb_button button_url=&#8221;http:\/\/eepurl.com\/dv8cBz&#8221; button_text=&#8221;PRIJAVI SE NA NOVI\u010cKE&#8221; _builder_version=&#8221;4.18.0&#8243; _module_preset=&#8221;default&#8221; custom_button=&#8221;on&#8221; button_text_size=&#8221;15px&#8221; button_text_color=&#8221;#FFFFFF&#8221; button_bg_color=&#8221;#f7827e&#8221; background_layout=&#8221;dark&#8221; global_colors_info=&#8221;{}&#8221; theme_builder_area=&#8221;post_content&#8221;][\/et_pb_button][\/et_pb_column][\/et_pb_row][\/et_pb_section]<\/p>\n","protected":false},"excerpt":{"rendered":"<p>Dru\u017eina KosovelVsi Kosovelovi so bili za Primorce in Kra\u0161evce zelo pomembna dru\u017eina. Anton Kosovel, ki je bil sicer doma iz \u010crni\u010d na Vipavskem je nastopil slu\u017ebo u\u010ditelja in nadu\u010ditelja v Se\u017eani po zgraditvi poslopja osnovne \u0161ole leta 1892. V letu 1893 pa je pouk \u017ee stekel. Anton Kosovel je bil vsestranski kulturni delavec. Bil je [&hellip;]<\/p>\n","protected":false},"author":1,"featured_media":0,"parent":0,"menu_order":0,"comment_status":"closed","ping_status":"closed","template":"","meta":{"_et_pb_use_builder":"on","_et_pb_old_content":"Vsi Kosovelovi so bili za Primorce in Kra\u0161evce zelo pomembna dru\u017eina.\r\n<strong>Anton Kosovel<\/strong>, ki je bil sicer doma iz \u010crni\u010d na Vipavskem je nastopil slu\u017ebo u\u010ditelja in nadu\u010ditelja v Se\u017eani po zgraditvi poslopja osnovne \u0161ole leta 1892. V letu 1893 pa je pouk \u017ee stekel. Anton Kosovel je bil vsestranski kulturni delavec. Bil je velik ljubitelj petja, sam je pel prvi tenor, igral je na \u0161tevilne in\u0161trumente, bil je orglar v se\u017eanski cerkvi, vodil je menda pet pevskih zborov, dirigiral je, komponiral, ustanavlja \u0161tevilna dru\u0161tva, kjer je bil predsednik ali tajnik in se potegoval za dosledno rabe slovenskega jezika v javnosti.\r\nPoro\u010dil se je 1894 s <strong>Katarino Stres<\/strong>, doma iz Su\u017eida pri Kobaridu. Ta je bila spremljevalka baronice Scaramanga, bogata\u0161inje iz Trsta, ki je v Se\u017eano prihajala na oddih v vilo z znanim botani\u010dnim parkom. Katarina je bila zelo razgledana in je bila prava \u017eivljenjska sopotnica vedremu nadu\u010ditelju Antonu Kosovelu, ki ga celo kazenska premestitev zaradi hujska\u0161tva proti Avstriji (boril se je za ve\u010djo avtonomijo Slovencev v okviru Avstroogrske monarhije) v Pliskovico ni zlomila, saj je toliko \u010dasa iskal bolj\u0161e delovno mesto, da ga je po dveh letih tudi na\u0161el v \u0161oli v Tomaju, kjer so potem ostali.\r\nV zakonu se jima je v Se\u017eani rodilo pet otrok: Stano, Antonija \u2013 Ton\u010dka ali Toni, Karmela, Anica in Sre\u010dko.\r\n<strong>Stano Kosovel<\/strong> (26.09.1895 \u2013 12.02.1976) je kot najstarej\u0161i otrok bil vedno zelo resen fant, ki je zgodaj okusil trpljenje in se je predal novinarskemu delu. Tudi sam se je, poleg pisanja \u010dlankov, ukvarjal z literaturo, pisal pesmi in nekako bdel nad pesnikovanjem mlaj\u0161ega brata Sre\u010dka. V zapu\u0161\u010dini so se ohranile \u0161tiri rokopisne pesni\u0161ke zbirke, vendar je iz njih vzklila le pesni\u0161ka zbirka \u00bbZrcala\u00ab, ki jo je pripravil Jo\u017ea Mahni\u010d in je iz\u0161la v Kopru 1982).\r\n<strong>Ton\u010dka Kosovel<\/strong>, poro\u010dena Ravbar (26.07.1897 \u2013 07.01.1989) je, \u010deprav je imela trgovsko izobrazbo, je bila zelo kulturno razgledana, ostala pa je doma, saj je bila tista, ki je skrbela za dru\u017eino. Od vseh otrok je najbolj cenila Sre\u010dkovo pesni\u0161ko ustvarjanje in ga zagovarjala. V leta 1925 zgrajeni hi\u0161i v Tomaju je do svoje smrti sprejemala \u0161tevilne goste in skupine otrok, dijakov, \u0161tudentov in odraslih, ki so hoteli kaj ve\u010d vedeti o Sre\u010dku in njegovem delu. Znala je vzpostaviti pristen stik z vsakim. Je tudi najbolj podprla idejo o ureditvi spominske sobe v Se\u017eani.\r\nTretji otrok je bila <strong>Karmela Kosovel<\/strong> poro\u010dena Graber (26.09.1898 \u2013 09.0 3.1990). Karmela je \u0161tudirala glasbo v Ljubljani, v Trstu in v Muenchnu. Postala je pianistka in u\u010diteljica glasbe. Kot pianistka je nastopala doma in v tujini. Po poroki z avstrijskim akademskim slikarjem Alfonzom Graberjem je vseskozi \u017eivela v Avstriji. Tam je tudi pokopana.\r\n<strong>Anica Kosovel<\/strong> (08.07.1901 \u2013 21.05.1983) je postala profesorica slovenskega jezika. \u017divela in pou\u010devala je v Ljubljani.\r\nPeti otrok je bil <strong>Sre\u010dko Kosovel<\/strong>. Rodil se je 18.marca 1904 zve\u010der ob 22.30. Takrat so Kosovelovi dosegli vrhunec blagostanja in sre\u010de. \u017diveli so v velikem stanovanju \u0161ole, ki je bila v takratnem \u010dasu zelo moderna, velika. Bili so dobro stoje\u010di, saj jim ni manjkalo ni\u010d. Dve leti po Sre\u010dkovem rojstvu pa so o\u010deta Antona premestili v Pliskovico. Tam je mali Sre\u010dko za\u010del spoznavati Kras, zlasti pa revno \u017eivljenje Kra\u0161evcev. Po pripovedovanju starej\u0161ega brata in sester je lahko razbral, kako lepo so \u017eiveli prej. Obdobje Pliskovice je trajalo le dve leti, nakar so se preselili v malo poslopje \u0161ole v Tomaju, kjer je bil poslej o\u010de Anton zaposlen. Sre\u010dka so zgodaj poslali \u00bb\u0161tudirat\u00ab v Ljubljano. Skupaj s sestro Anico sta najprej pri\u0161la do Se\u017eane in potem z vlakom odpotovala v Ljubljano. Pot ju je vodila skozi Kri\u017e in \u0160marje, skozi borovo morje in skozi gmajno. Sre\u010dko je to pot najve\u010dkrat prepe\u0161a\u010dil kar sam. Te\u017eke \u017eivljenjske razmere na Krasu, kmalu \u0161e dolga doba prve svetovne vojne z lakoto, strahom in tiso\u010di umrlih vojakov, vse to je v ob\u010dutljivem mladeni\u010du pustilo globoko sled. Njegova pesni\u0161ka du\u0161a je v svoji plemenitosti izra\u017eala resni\u010dno bole\u010dino in izjemno ljubezen tako do ljudi kot do doma\u010de pokrajine in ne na koncu do celega sveta. Zgodnje sre\u010danje s smrtjo je vplivalo tudi na njegov odnos do nje. Slutnja smrti se pojavlja velikokrat in daje vtis, da je Sre\u010dko Kosovel oto\u017eni nebogljeni fanti\u010dek. Sre\u010dko pa je bil, po pripovedovanju sodobnikov, ve\u010dni optimist, \u010dlovek z izjemnim iskrivim duhom, ki je znal zabavati dru\u017ebo in jo dr\u017eati \u00bbpokonci\u00ab. Naravni optimizem, ki je pre\u017eemal mlado du\u0161o, je bil samo izredna mo\u010d, da je zmogel in znal prebroditi te\u017eave. Konec prve svetovne vojne pa ni prinesel Primorcem odre\u0161itve. Pahnil jih je v italijansko okupacijo, ki je vse bolj kruto zatirala vse, kar je bilo slovenskega. O\u010deta so upokojili, pokojnine mu niso dali in ga dobesedno vrgli iz stanovanja v tomajski \u0161oli. Takrat se je odlo\u010dil, da si s pomo\u010djo va\u0161\u010danov zgradi hi\u0161o. Ta je bila zgrajena 1925. V tistih letih je Sre\u010dko intenzivno ustvarjal z nepopisno mo\u010djo. Kot obseden se je lotil pisanja. Delal je dneve in no\u010di. \u0160tudiral in pisal. Marsikatera pesem je na\u0161la papir in tam ostala. Kdo ve, koliko pesmi se je izgubilo pri bratu, ki ga ni razumel in sestrah. Kdo ve, koliko \u010dudovitih misli, zamisli in pesmi je za vedno ostalo v Sre\u010dku samem.\r\nLeta 1925 je na\u010drtoval izdajo svoje prve pesni\u0161ke zbirke \u00bbZlati \u010doln\u00ab, pa je ni uspel izdati. Tega leta je zbolel in naslednje leto 27.maja 1926 v novi hi\u0161i umrl.\r\nIzpred poslopja stare osnovne \u0161ole v Se\u017eani, kjer je tudi Kosovelova spominska soba, se za\u010denja Kosovelova pot od Se\u017eane do Tomaja. Ve\u010d o \u017eivljenju, delu in komentarjih o Sre\u010dku Kosovelu glej na spletnih straneh pod geslom Sre\u010dko Kosovel.\r\n\r\n&nbsp;","_et_gb_content_width":""},"_links":{"self":[{"href":"https:\/\/lu-sezana.si\/kosovelova-soba\/wp-json\/wp\/v2\/pages\/17"}],"collection":[{"href":"https:\/\/lu-sezana.si\/kosovelova-soba\/wp-json\/wp\/v2\/pages"}],"about":[{"href":"https:\/\/lu-sezana.si\/kosovelova-soba\/wp-json\/wp\/v2\/types\/page"}],"author":[{"embeddable":true,"href":"https:\/\/lu-sezana.si\/kosovelova-soba\/wp-json\/wp\/v2\/users\/1"}],"replies":[{"embeddable":true,"href":"https:\/\/lu-sezana.si\/kosovelova-soba\/wp-json\/wp\/v2\/comments?post=17"}],"version-history":[{"count":9,"href":"https:\/\/lu-sezana.si\/kosovelova-soba\/wp-json\/wp\/v2\/pages\/17\/revisions"}],"predecessor-version":[{"id":1109,"href":"https:\/\/lu-sezana.si\/kosovelova-soba\/wp-json\/wp\/v2\/pages\/17\/revisions\/1109"}],"wp:attachment":[{"href":"https:\/\/lu-sezana.si\/kosovelova-soba\/wp-json\/wp\/v2\/media?parent=17"}],"curies":[{"name":"wp","href":"https:\/\/api.w.org\/{rel}","templated":true}]}}